{"id":7317,"date":"2021-01-07T16:57:40","date_gmt":"2021-01-07T15:57:40","guid":{"rendered":"https:\/\/www.camping-hautsderosans.com\/location-insolites-hautes-alpes\/"},"modified":"2021-02-01T10:08:49","modified_gmt":"2021-02-01T09:08:49","slug":"mietinsolite-hautes-alpes","status":"publish","type":"page","link":"https:\/\/www.camping-hautsderosans.com\/de\/mietinsolite-hautes-alpes\/","title":{"rendered":"Unterbringung : Lodges"},"content":{"rendered":"<section id=\"section-5fbce69341afa\"\" class=\"section bg-white\" \/><div class=\"container extralarge\"><h1 class=\"element section-title center color2\">Ungew\u00f6hnliche Vermietungen in der Provence<\/h1><div class=\"element bloc-text center \">\n\t<p><strong class=\"bold color1\">G\u00f6nnen Sie sich<\/strong> einen Aufenthalt in der Dr\u00f4me Proven\u00e7ale in einer unserer Lodges f\u00fcr ein Campinggef\u00fchl, ohne auf den Komfort eines Schlafzimmers mit echtem Bett zu verzichten!<\/p>\n<p>Unsere Lodges erm\u00f6glichen Ihnen einen <strong class=\"bold color1\">Urlaub in einer \u00f6kologischen Unterkunft<\/strong> aus Leinen und Holz f\u00fcr unvergessliche Ferien f\u00fcr 4 bis 6 Personen in unserem <a href=\"\/de\/\">Camping Les Hauts de Rosans<\/a>.<\/p>\n<p>Ob in unseren ersten Modellen, in unserer Struktur &#8222;<strong class=\"bold color1\">Das Nest&#8220;<\/strong> mit Betten von \u00fcber 2 Metern H\u00f6he oder in unserer neuen Reihe, die aus echten <strong class=\"bold color1\">H\u00fcttenzelten auf Stelzen mit individuellen Sanit\u00e4ranlagen<\/strong> besteht, Ihre Kinder werden es lieben, ihre Ferien in diesem komfortablen Interieur zu verbringen, w\u00e4hrend sie das Gef\u00fchl haben, wirklich einen privilegierten Moment in diesem Raum zu erleben, umgeben von der Natur und eingelullt vom Gesang der Zikaden. <\/p>\n<\/div><div class=\"filtres\"><\/div><ul class=\"liste-de-page hebergements\"><div class=\"row\"><li class=\"element hebergement call-to-action call-to-action--style-2   nombre-de-chambres-2 nombre-de-personnes-24 superficie-20\"><div class=\"hebergement_link\" id=\"2167\"><div class=\"call-to-action_image\"><img decoding=\"async\" src=\"https:\/\/www.camping-hautsderosans.com\/wp-content\/uploads\/2020\/11\/exterieur-mobil-home.jpg\" data-src=\"https:\/\/www.camping-hautsderosans.com\/wp-content\/uploads\/2020\/11\/exterieur-mobil-home.jpg\" alt=\"exterieur mobil home\" class=\"\" \/><\/div><div class=\"call-to-action_contenu\"><div class=\"call-to-action_titre\">Sun Roller<\/div><\/div><div class=\"hebergement-attributs\"><span class=\"attribut nombre-de-chambres\">2 <\/span><span class=\"attribut nombre-de-personnes\">2\/4 <\/span><span class=\"attribut superficie\">20m\u00b2<\/span><\/div><\/div><\/li><li class=\"element hebergement call-to-action call-to-action--style-2   nombre-de-chambres-2 nombre-de-personnes-4 superficie-22\"><div class=\"hebergement_link\" id=\"2174\"><div class=\"call-to-action_image\"><img decoding=\"async\" src=\"https:\/\/www.camping-hautsderosans.com\/wp-content\/uploads\/2020\/11\/camping-trianon.jpg\" data-src=\"https:\/\/www.camping-hautsderosans.com\/wp-content\/uploads\/2020\/11\/camping-trianon.jpg\" alt=\"camping trianon\" class=\"\" \/><\/div><div class=\"call-to-action_contenu\"><div class=\"call-to-action_titre\">Trianon<\/div><\/div><div class=\"hebergement-attributs\"><span class=\"attribut nombre-de-chambres\">2 <\/span><span class=\"attribut nombre-de-personnes\">4 <\/span><span class=\"attribut superficie\">22m\u00b2<\/span><\/div><\/div><\/li><li class=\"element hebergement call-to-action call-to-action--style-2   nombre-de-chambres-3 nombre-de-personnes-6 superficie-23\"><div class=\"hebergement_link\" id=\"2180\"><div class=\"call-to-action_image\"><img decoding=\"async\" src=\"https:\/\/www.camping-hautsderosans.com\/wp-content\/uploads\/2020\/11\/mobil-home-camping.jpg\" data-src=\"https:\/\/www.camping-hautsderosans.com\/wp-content\/uploads\/2020\/11\/mobil-home-camping.jpg\" alt=\"mobil home camping\" class=\"\" \/><\/div><div class=\"call-to-action_contenu\"><div class=\"call-to-action_titre\">Poppy&#8217;s by O&#8217;hara 3ch<\/div><\/div><div class=\"hebergement-attributs\"><span class=\"attribut nombre-de-chambres\">3 <\/span><span class=\"attribut nombre-de-personnes\">6 <\/span><span class=\"attribut superficie\">23m\u00b2<\/span><\/div><\/div><\/li><\/div><div class=\"row\"><li class=\"element hebergement call-to-action call-to-action--style-2   nombre-de-chambres-2 nombre-de-personnes-4 superficie-19\"><div class=\"hebergement_link\" id=\"2185\"><div class=\"call-to-action_image\"><img decoding=\"async\" src=\"https:\/\/www.camping-hautsderosans.com\/wp-content\/uploads\/2020\/11\/poppys-camping.jpg\" data-src=\"https:\/\/www.camping-hautsderosans.com\/wp-content\/uploads\/2020\/11\/poppys-camping.jpg\" alt=\"poppys camping\" class=\"\" \/><\/div><div class=\"call-to-action_contenu\"><div class=\"call-to-action_titre\">Poppy&#8217;s by O&#8217;hara 2ch<\/div><\/div><div class=\"hebergement-attributs\"><span class=\"attribut nombre-de-chambres\">2 <\/span><span class=\"attribut nombre-de-personnes\">4 <\/span><span class=\"attribut superficie\">19m\u00b2<\/span><\/div><\/div><\/li><li class=\"element hebergement call-to-action call-to-action--style-2   nombre-de-chambres-2 nombre-de-personnes-5 superficie-25\"><div class=\"hebergement_link\" id=\"2190\"><div class=\"call-to-action_image\"><img decoding=\"async\" src=\"https:\/\/www.camping-hautsderosans.com\/wp-content\/uploads\/2020\/11\/noumea-terrasse.jpg\" data-src=\"https:\/\/www.camping-hautsderosans.com\/wp-content\/uploads\/2020\/11\/noumea-terrasse.jpg\" alt=\"noumea terrasse\" class=\"\" \/><\/div><div class=\"call-to-action_contenu\"><div class=\"call-to-action_titre\">Noum\u00e9a<\/div><\/div><div class=\"hebergement-attributs\"><span class=\"attribut nombre-de-chambres\">2 <\/span><span class=\"attribut nombre-de-personnes\">5 <\/span><span class=\"attribut superficie\">25m\u00b2<\/span><\/div><\/div><\/li><li class=\"element hebergement call-to-action call-to-action--style-2   nombre-de-chambres-2 nombre-de-personnes-4 superficie-25\"><div class=\"hebergement_link\" id=\"2214\"><div class=\"call-to-action_image\"><img decoding=\"async\" src=\"https:\/\/www.camping-hautsderosans.com\/wp-content\/uploads\/2020\/11\/entree-visio.jpg\" data-src=\"https:\/\/www.camping-hautsderosans.com\/wp-content\/uploads\/2020\/11\/entree-visio.jpg\" alt=\"Eintrag visio\" class=\"\" \/><\/div><div class=\"call-to-action_contenu\"><div class=\"call-to-action_titre\">Le visio by O&#8217;hara<\/div><\/div><div class=\"hebergement-attributs\"><span class=\"attribut nombre-de-chambres\">2 <\/span><span class=\"attribut nombre-de-personnes\">4 <\/span><span class=\"attribut superficie\">25m\u00b2<\/span><\/div><\/div><\/li><\/div><div class=\"row\"><li class=\"element hebergement call-to-action call-to-action--style-2   nombre-de-chambres-2 nombre-de-personnes-4 superficie-25\"><div class=\"hebergement_link\" id=\"2216\"><div class=\"call-to-action_image\"><img decoding=\"async\" src=\"https:\/\/www.camping-hautsderosans.com\/wp-content\/uploads\/2020\/11\/entree-patio.jpg\" data-src=\"https:\/\/www.camping-hautsderosans.com\/wp-content\/uploads\/2020\/11\/entree-patio.jpg\" alt=\"Eintrag patio\" class=\"\" \/><\/div><div class=\"call-to-action_contenu\"><div class=\"call-to-action_titre\">Le patio by O&#8217;hara<\/div><\/div><div class=\"hebergement-attributs\"><span class=\"attribut nombre-de-chambres\">2 <\/span><span class=\"attribut nombre-de-personnes\">4 <\/span><span class=\"attribut superficie\">25m\u00b2<\/span><\/div><\/div><\/li><li class=\"element hebergement call-to-action call-to-action--style-2   nombre-de-personnes-12\"><div class=\"hebergement_link\" id=\"2218\"><div class=\"call-to-action_image\"><img decoding=\"async\" src=\"https:\/\/www.camping-hautsderosans.com\/wp-content\/uploads\/2020\/11\/bivouac-camping.jpg\" data-src=\"https:\/\/www.camping-hautsderosans.com\/wp-content\/uploads\/2020\/11\/bivouac-camping.jpg\" alt=\"bivouac camping\" class=\"\" \/><\/div><div class=\"call-to-action_contenu\"><div class=\"call-to-action_titre\">Le bivouac<\/div><\/div><div class=\"hebergement-attributs\"><span class=\"attribut nombre-de-personnes\">1\/2 <\/span><\/div><\/div><\/li><li class=\"element hebergement call-to-action call-to-action--style-2   nombre-de-chambres-3 nombre-de-personnes-46\"><div class=\"hebergement_link\" id=\"2220\"><div class=\"call-to-action_image\"><img decoding=\"async\" src=\"https:\/\/www.camping-hautsderosans.com\/wp-content\/uploads\/2020\/11\/famille-nid.jpg\" data-src=\"https:\/\/www.camping-hautsderosans.com\/wp-content\/uploads\/2020\/11\/famille-nid.jpg\" alt=\"Familie nid\" class=\"\" \/><\/div><div class=\"call-to-action_contenu\"><div class=\"call-to-action_titre\">Le nid<\/div><\/div><div class=\"hebergement-attributs\"><span class=\"attribut nombre-de-chambres\">3 <\/span><span class=\"attribut nombre-de-personnes\">4\/6 <\/span><\/div><\/div><\/li><\/div><div class=\"row\"><li class=\"element hebergement call-to-action call-to-action--style-2   nombre-de-chambres-2 nombre-de-personnes-5 superficie-20\"><div class=\"hebergement_link\" id=\"2222\"><div class=\"call-to-action_image\"><img decoding=\"async\" src=\"https:\/\/www.camping-hautsderosans.com\/wp-content\/uploads\/2020\/11\/location-tente-lodge-provence.jpg\" data-src=\"https:\/\/www.camping-hautsderosans.com\/wp-content\/uploads\/2020\/11\/location-tente-lodge-provence.jpg\" alt=\"location tente lodge provence\" class=\"\" \/><\/div><div class=\"call-to-action_contenu\"><div class=\"call-to-action_titre\">Tente Lodge<\/div><\/div><div class=\"hebergement-attributs\"><span class=\"attribut nombre-de-chambres\">2 <\/span><span class=\"attribut nombre-de-personnes\">5 <\/span><span class=\"attribut superficie\">20m\u00b2<\/span><\/div><\/div><\/li><li class=\"element hebergement call-to-action call-to-action--style-2   nombre-de-chambres-1 nombre-de-personnes-2 superficie-15\"><div class=\"hebergement_link\" id=\"2595\"><div class=\"call-to-action_image\"><img decoding=\"async\" src=\"https:\/\/www.camping-hautsderosans.com\/wp-content\/uploads\/2020\/11\/camping-pods-hautes-alpes.jpg\" data-src=\"https:\/\/www.camping-hautsderosans.com\/wp-content\/uploads\/2020\/11\/camping-pods-hautes-alpes.jpg\" alt=\"camping pods hautes alpes\" class=\"\" \/><\/div><div class=\"call-to-action_contenu\"><div class=\"call-to-action_titre\">Pods<\/div><\/div><div class=\"hebergement-attributs\"><span class=\"attribut nombre-de-chambres\">1 <\/span><span class=\"attribut nombre-de-personnes\">2 <\/span><span class=\"attribut superficie\">15m\u00b2<\/span><\/div><\/div><\/li><li class=\"element hebergement call-to-action call-to-action--style-2   nombre-de-chambres-2 nombre-de-personnes-46 superficie-25\"><div class=\"hebergement_link\" id=\"8842\"><div class=\"call-to-action_image\"><img decoding=\"async\" src=\"https:\/\/www.camping-hautsderosans.com\/wp-content\/uploads\/2022\/03\/PAILLOTE-Vue-exterieure-1-.jpg\" data-src=\"https:\/\/www.camping-hautsderosans.com\/wp-content\/uploads\/2022\/03\/PAILLOTE-Vue-exterieure-1-.jpg\" alt=\"\" class=\"\" \/><\/div><div class=\"call-to-action_contenu\"><div class=\"call-to-action_titre\">La PAILLOTE<\/div><\/div><div class=\"hebergement-attributs\"><span class=\"attribut nombre-de-chambres\">2 <\/span><span class=\"attribut nombre-de-personnes\">4\/6 <\/span><span class=\"attribut superficie\">25m\u00b2<\/span><\/div><\/div><\/li><\/div><div class=\"row\"><li class=\"element hebergement call-to-action call-to-action--style-2   nombre-de-chambres-1 nombre-de-personnes-34 superficie-10\"><div class=\"hebergement_link\" id=\"8848\"><div class=\"call-to-action_image\"><img decoding=\"async\" src=\"https:\/\/www.camping-hautsderosans.com\/wp-content\/uploads\/2022\/01\/IMG_0616-scaled.jpg\" data-src=\"https:\/\/www.camping-hautsderosans.com\/wp-content\/uploads\/2022\/01\/IMG_0616-scaled.jpg\" alt=\"Cabane HOBBIT\" class=\"\" \/><\/div><div class=\"call-to-action_contenu\"><div class=\"call-to-action_titre\">Cabane HOBBIT<\/div><\/div><div class=\"hebergement-attributs\"><span class=\"attribut nombre-de-chambres\">1 <\/span><span class=\"attribut nombre-de-personnes\">3\/4 <\/span><span class=\"attribut superficie\">10m\u00b2<\/span><\/div><\/div><\/li><li class=\"element hebergement call-to-action call-to-action--style-2   nombre-de-chambres-3 nombre-de-personnes-46 superficie-43\"><div class=\"hebergement_link\" id=\"10570\"><div class=\"call-to-action_image\"><img decoding=\"async\" src=\"https:\/\/www.camping-hautsderosans.com\/wp-content\/uploads\/2023\/02\/NID-2-Vue-Drone.jpg\" data-src=\"https:\/\/www.camping-hautsderosans.com\/wp-content\/uploads\/2023\/02\/NID-2-Vue-Drone.jpg\" alt=\"NID-2---Vue-Drone\" class=\"\" \/><\/div><div class=\"call-to-action_contenu\"><div class=\"call-to-action_titre\">Le Nid d&#8217;Aigle<\/div><\/div><div class=\"hebergement-attributs\"><span class=\"attribut nombre-de-chambres\">3 <\/span><span class=\"attribut nombre-de-personnes\">4\/6 <\/span><span class=\"attribut superficie\">43m\u00b2<\/span><\/div><\/div><\/li><\/ul><\/div><\/section>\n\n<section id=\"section-5ffef7dc0b9f8\"\" class=\"section bg-white p-b-0\" \/><div class=\"container full\"><div class=\"colonnes-wrap valign-top \"><div class=\"element colonne \"><h2 class=\"element section-title center\">Die Lodge<\/h2><div class=\"element bloc-text justify \">\n\t<p>Stellplatz \/ Vermietung \/ eine atypische, \u00f6kologische, originelle und komfortable Unterkunft mit 2 Schlafzimmern&#8230; Natur par excellence.<\/p>\n<p>Sind Sie auf der Suche nach einer <strong class=\"bold color1\">Naturunterkunft<\/strong> auf einem <a href=\"\/de\/\">4-Sterne-Campingplatz in den S\u00fcdlichen Alpen<\/a>, am Rande der Dr\u00f4me Proven\u00e7ale? Die <strong class=\"bold color1\">tente Lodge<\/strong> ist wie f\u00fcr Sie gemacht und bietet Platz f\u00fcr 4 bis 5 Personen, je nach Zusammensetzung Ihrer Familie oder Gruppe.<\/p>\n<p>Eine <strong class=\"bold color1\">\u00f6kologische Unterkunft<\/strong>, originell und komfortabel, die dem Geist des Naturcamping Platz macht, ohne sanit\u00e4re Einrichtungen. <\/p>\n<p>In Ihrem Lodge-Zelt finden Sie :<\/p>\n<ul>\n<li>2 Zimmer mit 2 Doppelbetten (140 x 190) und 1 Einzelbett (80 x 190) Etagenbett<\/li>\n<li>Eine K\u00fcchenzeile<\/li>\n<li>Eine angrenzende \u00fcberdachte Terrasse, die in das Zelt integriert ist<\/li>\n<li> Ein Bauwerk aus hochwertigen Materialien auf Stelzen<\/li>\n<li>Fenster und Bildschirmbuchten mit Verdunkelungsrollos<\/li>\n<\/ul>\n<\/div><\/div><div class=\"element colonne \"><h2 class=\"element section-title center\">Die Nid<\/h2><div class=\"element bloc-text justify \">\n\t<p>Nehmen Sie etwas H\u00f6he in dieser <strong class=\"bold color1\">ungew\u00f6hnlichen Unterkunft<\/strong> in einem 4-Sterne-Campingplatz in den S\u00fcdalpen, Ihr Bett thront auf der H\u00f6he der \u00c4ste der B\u00e4ume am Rande der Dr\u00f4me Proven\u00e7ale! Auf dem Campingplatz Les Hauts de Rosans kann Le Nid bis zu 6 Personen beherbergen. <\/p>\n<p>Eine <strong class=\"bold color1\">\u00f6kologische<\/strong>, originelle und komfortable Unterkunft, die dem Geist des Naturcampings nachgibt, mit allem Komfort in einem <strong class=\"bold color1\">einzigartigen gewidmeten Raum<\/strong>, das Glamping-Angebot.<\/p>\n<p>In Ihrem Nest finden Sie :<\/p>\n<ul>\n<li>3 Zimmer Tent: 1 Doppelbett (140 x 190) und 4 Einzelbetten (70 x 190)<\/li>\n<li>Eine voll ausgestattete K\u00fcche<\/li>\n<li>Ein Badezimmer mit Dusche und Toilette<\/li>\n<li>Ein gesch\u00fctzter Essbereich<\/li>\n<\/ul>\n<p>Sind Sie eine Gruppe von mehreren Personen? Eine Familie mit Kindern und Teenagern? Bieten Sie ihnen einen unvergesslichen Urlaub. Wenn Sie in <strong class=\"bold color1\">8 Personen oder mehr<\/strong> sind, kontaktieren Sie uns, wir k\u00f6nnen Ihnen eine clevere L\u00f6sung anbieten! <\/p>\n<\/div><\/div><div class=\"element colonne \"><h2 class=\"element section-title center\">Die Bivouac<\/h2><div class=\"element bloc-text justify \">\n\t<p>Das <strong class=\"bold color1\">tente Biwak<\/strong>, perfekt angepasst f\u00fcr sportliche Etappen, ein Nest \u00fcber einem h\u00f6lzernen Tischunterstand &#8230; Sie werden die Aussicht von oben genie\u00dfen, um die <strong class=\"bold color1\">Natur zu betrachten<\/strong> und den <strong class=\"bold color1\">Vogelgesang<\/strong> in ihrem Universum zu genie\u00dfen.<\/p>\n<p><strong class=\"bold color1\">Praktisch und spielerisch !<\/strong> Das Biwak-Zelt ist ein Nachtb\u00fchnenraum. <\/p>\n<p>Diese <strong class=\"bold color1\">ungew\u00f6hnliche Unterkunft<\/strong>, die f\u00fcr 2 Personen geeignet ist oder alleine genutzt werden kann, verf\u00fcgt \u00fcber Strom und liegt ganz in der N\u00e4he des Sanitaire. <\/p>\n<p>Wanderfreunde finden hier einen Laden mit allem, was man f\u00fcr die Versorgung braucht. F\u00fcr eine Gourmetpause bietet der Campingplatz Les Hauts de Rosans auch eine strong class=&#8220;bold color1&#8243;>Fr\u00fchst\u00fccksformel<\/strong>, die Zubereitung von Picknickk\u00f6rben sowie einen Restaurantbereich, in dem man lokale Produkte und hausgemachte Pizzen vor Ort oder zum Mitnehmen probieren kann.<\/p>\n<p>Als erg\u00e4nzende Formel <strong class=\"bold color1\">kann das Biwak-Zelt<\/strong> zur Unterkunft LE NID, gleich nebenan, hinzugef\u00fcgt werden, um 2 zus\u00e4tzliche Personen unterzubringen.<\/p>\n<\/div><\/div><\/div><\/div><\/section>\n\n<section id=\"section-5ffef7dc0b9f8\"\" class=\"section bg-white p-b-0\" \/><div class=\"container full\"><div class=\"colonnes-wrap valign-top \"><div class=\"element colonne \"><h2 class=\"element section-title center\">Amazone (Neu)<\/h2><div class=\"element bloc-text justify \">\n\t<p>Hier ist eine <strong class=\"bold color1\">Neuheit f\u00fcr die Saison 2021<\/strong> in unserem 4-Sterne-Campingplatz in den Baronnies Proven\u00e7ales, eine <strong class=\"bold color1\">charmante Unterkunft <\/strong>in Leinwand und Holz auf Stelzen, La Lodge Amazone. Ein perfekter Aufenthalt, um die Werte des Campings und den Komfort eines guten Bettes zu kombinieren.<\/p>\n<p>Ein Innenraum von 20m\u00b2 mit 2 Schlafzimmern, ein gro\u00dfer Wohnraum mit <strong class=\"bold color1\">K\u00fcchenecke<\/strong> und eine 10m\u00b2 gro\u00dfe <strong class=\"bold color1\">Au\u00dfenterrasse<\/strong> f\u00fcr 4 Personen.<\/p>\n<p>In Ihrer <strong class=\"bold color1\">Lodge Amazon<\/strong> finden Sie : <\/p>\n<p><strong class=\"bold color1\">2 Schlafzimmer:<\/strong><\/p>\n<ul>\n<li>1 Doppelbett (140&#215;190)<\/li>\n<li>2 Einzelbetten (80&#215;190)<\/li>\n<\/ul>\n<p><strong class=\"bold color1\">Terrace :<\/strong><\/p>\n<ul>\n<li>Gartenlounge<\/li>\n<li>Liegest\u00fchle<\/li>\n<\/ul>\n<p><strong class=\"bold color1\">Private Badezimmereinheit:<\/strong><\/p>\n<ul>\n<li>Die Dusche<\/li>\n<li>Badezimmer<\/li>\n<li>Waschtischschrank<\/li>\n<li>Sp\u00fclbecken<\/li>\n<\/ul>\n<\/div><\/div><div class=\"element colonne \"><h2 class=\"element section-title center\">Paillote (Neu)<\/h2><div class=\"element bloc-text justify \">\n\t<p><strong class=\"bold color1\">Aufenthalt in der Dr\u00f4me proven\u00e7ale<\/strong> in einer unserer Eco-Lodges, um den Campinggeist zu bewahren, ohne auf den Komfort eines Schlafzimmers mit echtem Bett zu verzichten!<\/p>\n<p>Eine <strong class=\"bold color1\">\u00f6kologische Unterkunft aus Leinen und Holz<\/strong> f\u00fcr unvergessliche Ferien auf dem Campingplatz Les Hauts de Rosans f\u00fcr 4 bis 6 Personen.<\/p>\n<p>Wenn Sie ankommen, montiert und perfekt installiert, <strong class=\"bold color1\">m\u00fcssen Sie nur noch Ihre Koffer abstellen<\/strong>.<\/p>\n<p>Ihre Kinder werden es lieben, ihre <strong class=\"bold color1\">Ferien<\/strong> in diesem komfortablen Interieur zu verbringen, w\u00e4hrend sie das Gef\u00fchl haben, einen wirklich <strong class=\"bold color1\">privilegierten Moment<\/strong> in diesem Raum zu erleben, umgeben von der Natur und eingelullt vom Gesang der Zikaden.<\/p>\n<p>Und f\u00fcr noch mehr Komfort sind einige unserer <strong class=\"bold color1\">Lodge-Zelte<\/strong> echte Leinenh\u00e4uschen auf Stelzen mit sanit\u00e4ren Anlagen.  <\/p>\n<p><strong class=\"bold color1\">Concept Glamping<\/strong> in unserem 4-Sterne-Campingplatz in der Provence. La Paillote ist eine Unterkunft voller <strong class=\"bold color1\">Leinwand und Holzcharme auf Stelzen<\/strong>.  Perfekt, um Komfort und Camping zu verbinden. <\/p>\n<p>Ein <strong class=\"bold color1\">Innenraum<\/strong> von 25m\u00b2 mit 3 Schlafzimmern, einem Duschbad, einem gro\u00dfen Wohnraum mit einer ausgestatteten K\u00fcche und einer Au\u00dfenterrasse von 10m\u00b2, f\u00fcr 6 Personen.<\/p>\n<\/div><\/div><\/div><\/div><\/section>\n\n<section id=\"section-5ffef7dc12f8e\"\" class=\"section bg-white\" \/><div class=\"container extralarge\"><div class=\"element bloc-text center \">\n\t<p>Mehr Informationen zur Vermietung der Lodges auf dem 4-Sterne-Campingplatz Les Hauts de Rosans.<\/p>\n<ul class=\"list-center\">\n<li>Ankunftszeit: 17:00 Uhr<\/li>\n<li>Startzeit: 10:00 Uhr<\/li>\n<li>Buchungsgeb\u00fchr \/ Reservierung : 14\u20ac<\/li>\n<li>Residenzsteuer : 0,50 \u20ac \/ Tag \/ Person (> 18 Jahre alt)<\/li>\n<li>\u00d6ko-Beteiligung: 0,25 \u20ac \/Tag \/ Person<\/li>\n<li>Kaution zu zahlen bei Ankunft: 200\u20ac (Schaden &#038; Reinigung)<\/li>\n<li>Bettw\u00e4sche und Handt\u00fccher nicht inklusive<\/li>\n<\/ul>\n<p><strong class=\"bold color1\">Du hast dein Laken vergessen?<\/strong> Keine Sorge! Wir bieten an der Rezeption ein Set mit Einwegbettw\u00e4sche an (12 \u20ac \/ Doppelbett; 10\u20ac \/ 1 Einzelbett)<\/p>\n<p><strong class=\"bold color1\">M\u00fcssen Sie W\u00e4sche waschen?<\/strong> Mieten Sie eine Waschmaschine f\u00fcr 5\u20ac (mit Waschmittel)<br \/>\nTrocknung: 3 \u20ac \/ 45 min.<\/p>\n<p><strong class=\"bold color1\">Neu<\/strong> : ein Tier ist in der Lodge erlaubt (mit Aufpreis) <\/p>\n<\/div><\/div><\/section>\n\n<section id=\"section-5fbce693431df\"\" class=\"section bg-white\" \/><div class=\"container extralarge\"><div class=\"element section-title center titre-cta\">Unsere anderen Vermietungstypen<\/div><ul class=\"liste-de-page articles\"><li class=\"element call-to-action carre call-to-action--style-1 call-to-action--normal\"><a href=\"https:\/\/www.camping-hautsderosans.com\/de\/huttenvermietung-hautes-alpes\/\"  class=\"call-to-action_link\" title=\"Erfahren Sie mehr \u00fcber unsere ferienh\u00e4user\"><div class=\"call-to-action_image\"><img decoding=\"async\" src=\"https:\/\/www.camping-hautsderosans.com\/wp-content\/uploads\/2021\/01\/chalet-provence-100x24.jpg\" data-src=\"https:\/\/www.camping-hautsderosans.com\/wp-content\/uploads\/2021\/01\/chalet-provence.jpg\" alt=\"\" class=\"normal\" \/><\/div><div class=\"call-to-action_contenu\"><div class=\"call-to-action_titre\">Unsere Ferienh\u00e4user<\/div><\/div><\/a><\/li><li class=\"element call-to-action carre call-to-action--style-1 call-to-action--normal call-to-action--style-1 call-to-action--normal\"><a href=\"https:\/\/www.camping-hautsderosans.com\/de\/vermietung-stellplatze-hautes-alpes\/\"  class=\"call-to-action_link\" title=\"Erfahren Sie mehr \u00fcber unsere standorte\"><div class=\"call-to-action_image\"><img decoding=\"async\" src=\"https:\/\/www.camping-hautsderosans.com\/wp-content\/uploads\/2021\/01\/emplacement-provence-100x24.jpg\" data-src=\"https:\/\/www.camping-hautsderosans.com\/wp-content\/uploads\/2021\/01\/emplacement-provence.jpg\" alt=\"\" class=\"normal\" \/><\/div><div class=\"call-to-action_contenu\"><div class=\"call-to-action_titre\">Unsere Standorte<\/div><\/div><\/a><\/li><li class=\"element call-to-action carre call-to-action--style-1 call-to-action--normal call-to-action--style-1 call-to-action--normal call-to-action--style-1 call-to-action--normal\"><a href=\"https:\/\/www.camping-hautsderosans.com\/de\/wohnmobilvermietung-hautes-alpes\/\"  class=\"call-to-action_link\" title=\"Erfahren Sie mehr \u00fcber unsere mobilheime\"><div class=\"call-to-action_image\"><img decoding=\"async\" src=\"https:\/\/www.camping-hautsderosans.com\/wp-content\/uploads\/2021\/01\/mobil-home-provence-100x24.jpg\" data-src=\"https:\/\/www.camping-hautsderosans.com\/wp-content\/uploads\/2021\/01\/mobil-home-provence.jpg\" alt=\"\" class=\"normal\" \/><\/div><div class=\"call-to-action_contenu\"><div class=\"call-to-action_titre\">Unsere Mobilheime<\/div><\/div><\/a><\/li><\/ul><\/div><\/section>","protected":false},"excerpt":{"rendered":"","protected":false},"author":1,"featured_media":5972,"parent":0,"menu_order":0,"comment_status":"closed","ping_status":"closed","template":"","meta":{"_acf_changed":false,"footnotes":""},"acf":[],"yoast_head":"<!-- This site is optimized with the Yoast SEO plugin v23.4 - https:\/\/yoast.com\/wordpress\/plugins\/seo\/ -->\n<title>Ungew\u00f6hnliche Vermietungen Hautes-Alpes | Mieten Sie ein Ferienhaus in der Provence (05)<\/title>\n<meta name=\"robots\" content=\"index, follow, max-snippet:-1, max-image-preview:large, max-video-preview:-1\" \/>\n<link rel=\"canonical\" href=\"https:\/\/www.camping-hautsderosans.com\/de\/mietinsolite-hautes-alpes\/\" \/>\n<meta property=\"og:locale\" content=\"de_DE\" \/>\n<meta property=\"og:type\" content=\"article\" \/>\n<meta property=\"og:title\" content=\"Ungew\u00f6hnliche Vermietungen Hautes-Alpes | Mieten Sie ein Ferienhaus in der Provence (05)\" \/>\n<meta property=\"og:url\" content=\"https:\/\/www.camping-hautsderosans.com\/de\/mietinsolite-hautes-alpes\/\" \/>\n<meta property=\"og:site_name\" content=\"Camping les Hauts de Rosans\" \/>\n<meta property=\"article:modified_time\" content=\"2021-02-01T09:08:49+00:00\" \/>\n<meta property=\"og:image\" content=\"https:\/\/www.camping-hautsderosans.com\/wp-content\/uploads\/2021\/01\/insolite-haute-alpes.jpg\" \/>\n\t<meta property=\"og:image:width\" content=\"1903\" \/>\n\t<meta property=\"og:image:height\" content=\"450\" \/>\n\t<meta property=\"og:image:type\" content=\"image\/jpeg\" \/>\n<meta name=\"twitter:card\" content=\"summary_large_image\" \/>\n<script type=\"application\/ld+json\" class=\"yoast-schema-graph\">{\"@context\":\"https:\/\/schema.org\",\"@graph\":[{\"@type\":\"WebPage\",\"@id\":\"https:\/\/www.camping-hautsderosans.com\/de\/mietinsolite-hautes-alpes\/\",\"url\":\"https:\/\/www.camping-hautsderosans.com\/de\/mietinsolite-hautes-alpes\/\",\"name\":\"Ungew\u00f6hnliche Vermietungen Hautes-Alpes | Mieten Sie ein Ferienhaus in der Provence (05)\",\"isPartOf\":{\"@id\":\"https:\/\/www.camping-hautsderosans.com\/de\/#website\"},\"primaryImageOfPage\":{\"@id\":\"https:\/\/www.camping-hautsderosans.com\/de\/mietinsolite-hautes-alpes\/#primaryimage\"},\"image\":{\"@id\":\"https:\/\/www.camping-hautsderosans.com\/de\/mietinsolite-hautes-alpes\/#primaryimage\"},\"thumbnailUrl\":\"https:\/\/www.camping-hautsderosans.com\/wp-content\/uploads\/2021\/01\/insolite-haute-alpes.jpg\",\"datePublished\":\"2021-01-07T15:57:40+00:00\",\"dateModified\":\"2021-02-01T09:08:49+00:00\",\"breadcrumb\":{\"@id\":\"https:\/\/www.camping-hautsderosans.com\/de\/mietinsolite-hautes-alpes\/#breadcrumb\"},\"inLanguage\":\"de\",\"potentialAction\":[{\"@type\":\"ReadAction\",\"target\":[\"https:\/\/www.camping-hautsderosans.com\/de\/mietinsolite-hautes-alpes\/\"]}]},{\"@type\":\"ImageObject\",\"inLanguage\":\"de\",\"@id\":\"https:\/\/www.camping-hautsderosans.com\/de\/mietinsolite-hautes-alpes\/#primaryimage\",\"url\":\"https:\/\/www.camping-hautsderosans.com\/wp-content\/uploads\/2021\/01\/insolite-haute-alpes.jpg\",\"contentUrl\":\"https:\/\/www.camping-hautsderosans.com\/wp-content\/uploads\/2021\/01\/insolite-haute-alpes.jpg\",\"width\":1903,\"height\":450},{\"@type\":\"BreadcrumbList\",\"@id\":\"https:\/\/www.camping-hautsderosans.com\/de\/mietinsolite-hautes-alpes\/#breadcrumb\",\"itemListElement\":[{\"@type\":\"ListItem\",\"position\":1,\"name\":\"Campingplatz Hautes-Alpes\",\"item\":\"https:\/\/www.camping-hautsderosans.com\/de\/\"},{\"@type\":\"ListItem\",\"position\":2,\"name\":\"Ungew\u00f6hnliche Vermietung in der Provence\"}]},{\"@type\":\"WebSite\",\"@id\":\"https:\/\/www.camping-hautsderosans.com\/de\/#website\",\"url\":\"https:\/\/www.camping-hautsderosans.com\/de\/\",\"name\":\"Camping les Hauts de Rosans\",\"description\":\"\",\"potentialAction\":[{\"@type\":\"SearchAction\",\"target\":{\"@type\":\"EntryPoint\",\"urlTemplate\":\"https:\/\/www.camping-hautsderosans.com\/de\/?s={search_term_string}\"},\"query-input\":{\"@type\":\"PropertyValueSpecification\",\"valueRequired\":true,\"valueName\":\"search_term_string\"}}],\"inLanguage\":\"de\"}]}<\/script>\n<!-- \/ Yoast SEO plugin. -->","yoast_head_json":{"title":"Ungew\u00f6hnliche Vermietungen Hautes-Alpes | Mieten Sie ein Ferienhaus in der Provence (05)","robots":{"index":"index","follow":"follow","max-snippet":"max-snippet:-1","max-image-preview":"max-image-preview:large","max-video-preview":"max-video-preview:-1"},"canonical":"https:\/\/www.camping-hautsderosans.com\/de\/mietinsolite-hautes-alpes\/","og_locale":"de_DE","og_type":"article","og_title":"Ungew\u00f6hnliche Vermietungen Hautes-Alpes | Mieten Sie ein Ferienhaus in der Provence (05)","og_url":"https:\/\/www.camping-hautsderosans.com\/de\/mietinsolite-hautes-alpes\/","og_site_name":"Camping les Hauts de Rosans","article_modified_time":"2021-02-01T09:08:49+00:00","og_image":[{"width":1903,"height":450,"url":"https:\/\/www.camping-hautsderosans.com\/wp-content\/uploads\/2021\/01\/insolite-haute-alpes.jpg","type":"image\/jpeg"}],"twitter_card":"summary_large_image","schema":{"@context":"https:\/\/schema.org","@graph":[{"@type":"WebPage","@id":"https:\/\/www.camping-hautsderosans.com\/de\/mietinsolite-hautes-alpes\/","url":"https:\/\/www.camping-hautsderosans.com\/de\/mietinsolite-hautes-alpes\/","name":"Ungew\u00f6hnliche Vermietungen Hautes-Alpes | Mieten Sie ein Ferienhaus in der Provence (05)","isPartOf":{"@id":"https:\/\/www.camping-hautsderosans.com\/de\/#website"},"primaryImageOfPage":{"@id":"https:\/\/www.camping-hautsderosans.com\/de\/mietinsolite-hautes-alpes\/#primaryimage"},"image":{"@id":"https:\/\/www.camping-hautsderosans.com\/de\/mietinsolite-hautes-alpes\/#primaryimage"},"thumbnailUrl":"https:\/\/www.camping-hautsderosans.com\/wp-content\/uploads\/2021\/01\/insolite-haute-alpes.jpg","datePublished":"2021-01-07T15:57:40+00:00","dateModified":"2021-02-01T09:08:49+00:00","breadcrumb":{"@id":"https:\/\/www.camping-hautsderosans.com\/de\/mietinsolite-hautes-alpes\/#breadcrumb"},"inLanguage":"de","potentialAction":[{"@type":"ReadAction","target":["https:\/\/www.camping-hautsderosans.com\/de\/mietinsolite-hautes-alpes\/"]}]},{"@type":"ImageObject","inLanguage":"de","@id":"https:\/\/www.camping-hautsderosans.com\/de\/mietinsolite-hautes-alpes\/#primaryimage","url":"https:\/\/www.camping-hautsderosans.com\/wp-content\/uploads\/2021\/01\/insolite-haute-alpes.jpg","contentUrl":"https:\/\/www.camping-hautsderosans.com\/wp-content\/uploads\/2021\/01\/insolite-haute-alpes.jpg","width":1903,"height":450},{"@type":"BreadcrumbList","@id":"https:\/\/www.camping-hautsderosans.com\/de\/mietinsolite-hautes-alpes\/#breadcrumb","itemListElement":[{"@type":"ListItem","position":1,"name":"Campingplatz Hautes-Alpes","item":"https:\/\/www.camping-hautsderosans.com\/de\/"},{"@type":"ListItem","position":2,"name":"Ungew\u00f6hnliche Vermietung in der Provence"}]},{"@type":"WebSite","@id":"https:\/\/www.camping-hautsderosans.com\/de\/#website","url":"https:\/\/www.camping-hautsderosans.com\/de\/","name":"Camping les Hauts de Rosans","description":"","potentialAction":[{"@type":"SearchAction","target":{"@type":"EntryPoint","urlTemplate":"https:\/\/www.camping-hautsderosans.com\/de\/?s={search_term_string}"},"query-input":{"@type":"PropertyValueSpecification","valueRequired":true,"valueName":"search_term_string"}}],"inLanguage":"de"}]}},"_links":{"self":[{"href":"https:\/\/www.camping-hautsderosans.com\/de\/wp-json\/wp\/v2\/pages\/7317"}],"collection":[{"href":"https:\/\/www.camping-hautsderosans.com\/de\/wp-json\/wp\/v2\/pages"}],"about":[{"href":"https:\/\/www.camping-hautsderosans.com\/de\/wp-json\/wp\/v2\/types\/page"}],"author":[{"embeddable":true,"href":"https:\/\/www.camping-hautsderosans.com\/de\/wp-json\/wp\/v2\/users\/1"}],"replies":[{"embeddable":true,"href":"https:\/\/www.camping-hautsderosans.com\/de\/wp-json\/wp\/v2\/comments?post=7317"}],"version-history":[{"count":10,"href":"https:\/\/www.camping-hautsderosans.com\/de\/wp-json\/wp\/v2\/pages\/7317\/revisions"}],"predecessor-version":[{"id":8187,"href":"https:\/\/www.camping-hautsderosans.com\/de\/wp-json\/wp\/v2\/pages\/7317\/revisions\/8187"}],"wp:featuredmedia":[{"embeddable":true,"href":"https:\/\/www.camping-hautsderosans.com\/de\/wp-json\/wp\/v2\/media\/5972"}],"wp:attachment":[{"href":"https:\/\/www.camping-hautsderosans.com\/de\/wp-json\/wp\/v2\/media?parent=7317"}],"curies":[{"name":"wp","href":"https:\/\/api.w.org\/{rel}","templated":true}]}}